{"id":8155,"date":"2024-09-04T16:34:13","date_gmt":"2024-09-04T14:34:13","guid":{"rendered":"https:\/\/refuge-de-darwyn.ch\/die-vereinigung\/unser-verein\/partner\/"},"modified":"2025-03-17T13:21:43","modified_gmt":"2025-03-17T12:21:43","slug":"partner","status":"publish","type":"page","link":"https:\/\/refuge-de-darwyn.ch\/de\/die-vereinigung\/unser-verein\/partner\/","title":{"rendered":"Partner"},"content":{"rendered":"<div class=\"gb-container gb-container-282f007b outer\">\n<div class=\"gb-container gb-container-0a92a879 inner\">\n<div class=\"gb-container gb-container-2cf3cc5a\">\n\n<h1 class=\"gb-headline gb-headline-b5ef71ce gb-headline-text\">Partner &amp; Danksagungen<\/h1>\n\n\n\n<p><strong>Die Arbeit von Refuge wird durch die bedingungslose Unterst\u00fctzung verschiedener Akteure erm\u00f6glicht.  <\/strong>  Ihre Gro\u00dfz\u00fcgigkeit und ihr Engagement sichern den reibungslosen Betrieb, die Solvenz und den Fortbestand des Tierheims. Wir bedanken uns herzlich bei <\/p>\n\n\n<div class=\"gb-container gb-container-fddf3e36\">\n\n<div class=\"gb-headline gb-headline-e718fcda\"><span class=\"gb-icon\">\n    \n    \n    \n    \n<\/span><span class=\"gb-headline-text\">Die Mitarbeiter des Tierheims<\/span><\/div>\n\n\n\n<div class=\"gb-headline gb-headline-145f67e6\"><span class=\"gb-icon\">\n    \n    \n<\/span><span class=\"gb-headline-text\">Die Gastfamilien<\/span><\/div>\n\n\n\n<div class=\"gb-headline gb-headline-90e7c3c4\"><span class=\"gb-icon\">\n    \n<\/span><span class=\"gb-headline-text\">Unsere Freiwilligen<\/span><\/div>\n\n\n\n<div class=\"gb-headline gb-headline-ed63ecfd\"><span class=\"gb-icon\">\n    \n    \n    \n<\/span><span class=\"gb-headline-text\">Unsere Mitglieder<\/span><\/div>\n\n\n\n<div class=\"gb-headline gb-headline-750041c2\"><span class=\"gb-icon\">\n\n<\/span><span class=\"gb-headline-text\">Alle unsere Partner, die uns finanziell unterst\u00fctzen<\/span><\/div>\n\n<\/div>\n<\/div>\n\n<div class=\"gb-container gb-container-a1556cc6\">\n\n<figure class=\"gb-block-image gb-block-image-379ed26a\"><img loading=\"lazy\" decoding=\"async\" width=\"1200\" height=\"900\" class=\"gb-image gb-image-379ed26a\" src=\"https:\/\/refuge-de-darwyn.ch\/wp-content\/uploads\/2024\/09\/partenaires-et-remerciements-du-refuge.jpg\" alt=\"Personengruppe im Darwyn Refuge\" title=\"Partner und Danksagungen des Refugiums\" srcset=\"https:\/\/refuge-de-darwyn.ch\/wp-content\/uploads\/2024\/09\/partenaires-et-remerciements-du-refuge.jpg 1200w, https:\/\/refuge-de-darwyn.ch\/wp-content\/uploads\/2024\/09\/partenaires-et-remerciements-du-refuge-300x225.jpg 300w, https:\/\/refuge-de-darwyn.ch\/wp-content\/uploads\/2024\/09\/partenaires-et-remerciements-du-refuge-1024x768.jpg 1024w, https:\/\/refuge-de-darwyn.ch\/wp-content\/uploads\/2024\/09\/partenaires-et-remerciements-du-refuge-768x576.jpg 768w, https:\/\/refuge-de-darwyn.ch\/wp-content\/uploads\/2024\/09\/partenaires-et-remerciements-du-refuge-600x450.jpg 600w\" sizes=\"auto, (max-width: 1200px) 100vw, 1200px\" \/><\/figure>\n\n<\/div>\n<\/div>\n<\/div><div class=\"gb-container gb-container-2b84abeb outer\">\n<div class=\"gb-container gb-container-d666bafb inner\">\n<div class=\"gb-container gb-container-4392e495 inner\">\n\n<h2 class=\"gb-headline gb-headline-efe6801b gb-headline-text\">Wir danken<\/h2>\n\n\n\n<p><strong>Die Mitarbeiter des Tierheims<\/strong> arbeiten jeden Tag hart, um das Wohlergehen unserer Sch\u00fctzlinge zu gew\u00e4hrleisten &#8211; sie f\u00fcttern die Pferde, reinigen ihre Boxen, f\u00fchren sie in die Parks aus und sorgen daf\u00fcr, dass die Anlage immer sauber und gepflegt ist. Wir danken ihnen f\u00fcr ihre Hingabe. <\/p>\n\n\n\n<p><strong>Pflegefamilien<\/strong> sind durch ihre Liebe zu Pferden bereit, ein aus schlechter Haltung gerettetes Pferd zu adoptieren, es zu verw\u00f6hnen und ihm ein w\u00fcrdiges Leben zu erm\u00f6glichen. Sie sind eine wichtige St\u00fctze unserer Arbeit und wir sind sehr auf sie angewiesen. <\/p>\n\n\n\n<p><strong>Unsere freiwilligen Helfer<\/strong> stellen ihre Zeit freiwillig zur Verf\u00fcgung und sind das Herzst\u00fcck unserer Arbeit. Sie sind immer da, um zu helfen, egal welche Aufgabe und egal zu welcher Tageszeit, an welchem Tag oder bei welchem Wetter. <\/p>\n\n\n\n<p>Wir haben <strong>mehr als 2.150 treue Mitglieder<\/strong>, die ihre Beitr\u00e4ge zahlen und uns mit ihrer Ermutigung, ihrer Anwesenheit bei unseren Veranstaltungen und auch mit punktuellen Spenden unterst\u00fctzen. Finanzielle Unterst\u00fctzung ist unerl\u00e4sslich, damit das Tierheim die monatlich anfallenden Rechnungen begleichen kann. <\/p>\n\n\n\n<p>Wir haben <strong>Personen und Institutionen<\/strong> unter unseren Anh\u00e4ngern, die uns finanziell stark unterst\u00fctzen, aber anonym bleiben m\u00f6chten. Mit diesen Worten m\u00f6chten wir ihnen unsere Dankbarkeit ausdr\u00fccken. <\/p>\n\n\n\n<p>Wir sind stolz darauf, dass es <strong>mehrere Stiftungen gibt, die<\/strong> seit vielen Jahren <strong>an uns<\/strong> und unsere Arbeit <strong>glauben<\/strong> und uns weiterhin treu finanziell unterst\u00fctzen.<\/p>\n\n\n\n<p><strong>Wir freuen uns, Ihnen diese Stiftungen vorstellen zu k\u00f6nnen:  <\/strong><\/p>\n\n\n\n<ul class=\"wp-block-list\">\n<li>Die Stiftung Dr. G. AMAN-VEILLON <\/li>\n\n\n\n<li>Die H &amp; V BARBOUR Stiftung<\/li>\n\n\n\n<li>Die Stiftung A. &amp; E. BAUR<\/li>\n\n\n\n<li>Die Rita-Roux-Stiftung<\/li>\n\n\n\n<li>Die Jacques DOLLY GAZAN Stiftung<\/li>\n\n\n\n<li>Die GELBERT-Stiftung<\/li>\n\n\n\n<li>Die HAEBERLI-Stiftung<\/li>\n\n\n\n<li>Die Stiftung HEGI-FONDS<\/li>\n\n\n\n<li>Die IDEE-Stiftung<\/li>\n\n\n\n<li>Die JAEGER-Stiftung<\/li>\n\n\n\n<li>Die Juliane KOLLY-BAPST-Stiftung<\/li>\n\n\n\n<li>Die KIRCHOFER Stiftung<\/li>\n\n\n\n<li>Die MALOU-Stiftung<\/li>\n\n\n\n<li>Die MARCHIG Stiftung<\/li>\n\n\n\n<li>Die G\u00e9rard PIERRE-Stiftung<\/li>\n\n\n\n<li>Die ROUX-Stiftung<\/li>\n\n\n\n<li>Die Alice-Abib SAMY Stiftung<\/li>\n\n\n\n<li>Die TIERSCH Stiftung<\/li>\n\n\n\n<li>Die WISSI-Stiftung<\/li>\n\n\n\n<li>Die Stiftung Les Amis d&#8217;Elsa (LAE)<\/li>\n\n\n\n<li>Der Schweizer Tierschutz<\/li>\n\n\n\n<li>Die Genfer Commanderie des Internationalen Ordens der Anysetiers<\/li>\n\n\n\n<li>Eine Genfer Privatstiftung<\/li>\n\n\n\n<li>OAK Foundation LTD<\/li>\n<\/ul>\n\n\n\n<p><strong>Hier sind auch die schweizerischen und internationalen Unternehmen, Versicherungsgesellschaften und Banken, die uns unterst\u00fctzen:<\/strong><\/p>\n\n\n\n<ul class=\"wp-block-list\">\n<li>Freundschaftsverband der Dressurschule von Versoix<\/li>\n\n\n\n<li>AXA Winterthur &#8211; Agentur Versoix<\/li>\n\n\n\n<li>IDIP Films<\/li>\n\n\n\n<li>FAC Technologies<\/li>\n\n\n\n<li>Association genevoise des entreprises de chauffage et de ventilation (AGCV) (Genfer Verband der Heizungs- und L\u00fcftungsunternehmen)<\/li>\n\n\n\n<li>Die Tierversicherungsgesellschaft EPONA<\/li>\n\n\n\n<li>Capital Group<\/li>\n\n\n\n<li>GSK<\/li>\n<\/ul>\n\n\n\n<p>Sowie die Stadt Genf und 21 Genfer Gemeinden:<\/p>\n\n\n\n<p>Ani\u00e8res, Avully, Avusy, Bardonnex, Bellevue, Bernex, Carouge, Cartigny, Chancy, Chamb\u00e9sy, Cologny, Dardagny, Genthod, Meinier, Onex, Plan-les-Ouates, Satigny, Soral, Troinex, Vandoeuvres, Veyrier.<\/p>\n\n\n\n<p><strong>Mit der Unterst\u00fctzung f\u00fcr diesen <sup>20<\/sup>. Jahrestag auch von :  <\/strong><\/p>\n\n\n\n<ul class=\"wp-block-list\">\n<li>Amoudruz SA<\/li>\n\n\n\n<li>Autobritt AG<\/li>\n\n\n\n<li>Auto-secours Genf<\/li>\n\n\n\n<li>Services Industriels de Gen\u00e8ve<\/li>\n\n\n\n<li>Verband der Pferdesamariter<\/li>\n\n\n\n<li>H20 Facilities SA<\/li>\n\n\n\n<li>Jacky &amp; Roger<\/li>\n\n\n\n<li>Die Anh\u00e4nger der M\u00fchle<\/li>\n\n\n\n<li>Rovagro<\/li>\n\n\n\n<li>Party Partner SA<\/li>\n\n\n\n<li>Placora<\/li>\n\n\n\n<li>Erste Ernte B\u00e4ckerei<\/li>\n\n\n\n<li>Garage Salerno<\/li>\n\n\n\n<li>Scarantino Malerei<\/li>\n\n\n\n<li>La Cafet, 1228 PLO<\/li>\n\n\n\n<li>Herr J.-C. E.<\/li>\n\n\n\n<li>Und die Porsche Group in Genf<\/li>\n<\/ul>\n\n\n\n<p><strong>Wir m\u00f6chten uns auch bei den Gesch\u00e4ften bedanken, die uns erlauben, Sparschweine aufzustellen:<\/strong><\/p>\n\n\n\n<ul class=\"wp-block-list\">\n<li>Die B\u00e4ckerei &#8222;Premi\u00e8res Moissons&#8220; (Erste Ernte)<\/li>\n\n\n\n<li>Der Tea-Room &#8222;Beauvent&#8220;.<\/li>\n\n\n\n<li>Kiosk in Les Granges<\/li>\n\n\n\n<li>Alegria by Philippe Pasco\u00ebt<\/li>\n\n\n\n<li>Das Gesch\u00e4ft Felix B\u00fchler  <\/li>\n\n\n\n<li>Das Gesch\u00e4ft Bio-Frais (74)<\/li>\n\n\n\n<li>Das Landi-Gesch\u00e4ft in Lully<\/li>\n\n\n\n<li>Das Qualipet-Gesch\u00e4ft in Carouge<\/li>\n\n\n\n<li>Tabak-Zeitungen B<\/li>\n\n\n\n<li>Au Bonheur des Animaux (Gl\u00fcck der Tiere)<\/li>\n\n\n\n<li>Der Paradiesvogel<\/li>\n\n\n\n<li>Salon Imagin&#8217;Hair<\/li>\n<\/ul>\n\n\n\n<p><strong>Wir arbeiten mit vielen Partnern in der Region und dar\u00fcber hinaus zusammen. Sie stellen uns finanzielle und materielle Hilfe zur Verf\u00fcgung. Wir m\u00f6chten insbesondere Folgendes erw\u00e4hnen  <\/strong><\/p>\n\n\n\n<ul class=\"wp-block-list\">\n<li>Fert SA<\/li>\n\n\n\n<li>Toudou von der PSA<\/li>\n\n\n\n<li>Rivalor<\/li>\n\n\n\n<li>Balance Isard &#8211; Gesundheitspferd<\/li>\n\n\n\n<li>Harley-Davidson-Konzession Genf<\/li>\n\n\n\n<li>Die Druckerei Chappuis<\/li>\n\n\n\n<li>Marstall AG<\/li>\n\n\n\n<li>Mila Moudon, Osteopathin<\/li>\n\n\n\n<li>Vincent_Mivelaz Fotograf<\/li>\n\n\n\n<li>Denis Guyot Fotograf<\/li>\n\n\n\n<li>Eric Jakob Fotograf<\/li>\n\n\n\n<li>Kprod<\/li>\n<\/ul>\n\n\n\n<p>Ebenso Tier\u00e4rzte, mit denen wir zusammenarbeiten, und Privatpersonen, die anonym bleiben m\u00f6chten.<\/p>\n\n\n\n<p><strong>Und wir vergessen auch nicht die Menschen, die uns nicht vergessen haben:<\/strong><\/p>\n\n\n\n<p>Unter unseren Mitgliedern haben wir Personen, die unsere Arbeit fortsetzen m\u00f6chten und uns in ihrem Testament als Beg\u00fcnstigten angegeben haben. Wir danken ihnen herzlich f\u00fcr ihre Gro\u00dfz\u00fcgigkeit und ihre Verbundenheit mit unserer Sache. Wir k\u00f6nnen Ihnen auch mitteilen, dass Le Refuge Verm\u00e4chtnisse von Personen erhalten hat, die Le Refuge nicht bekannt sind. Wir sind besonders ger\u00fchrt von dieser Unterst\u00fctzung, die zeigt, dass unsere Arbeit nicht unbemerkt bleibt.   <\/p>\n\n\n\n<p>Das Refugiumskomitee m\u00f6chte all jenen seine Anerkennung und Dankbarkeit aussprechen, die es dem Refugium erm\u00f6glicht haben, zu existieren, zu funktionieren und seine Arbeit im Jahr 2020 fortzusetzen.<\/p>\n\n<\/div>\n\n\n<h2 class=\"gb-headline gb-headline-08d17cf2 gb-headline-text h3\">Unsere Partner<\/h2>\n\n\n<div class=\"gb-grid-wrapper gb-grid-wrapper-d3e105d8\">\n<div class=\"gb-grid-column gb-grid-column-d097b919\"><div class=\"gb-container gb-container-d097b919\"><a class=\"gb-container-link\" href=\"https:\/\/hypona.ch\/\" rel=\"nofollow noopener noreferrer\" target=\"_blank\"><\/a>\n<div class=\"gb-container gb-container-b9612de8\">\n\n<figure class=\"gb-block-image gb-block-image-fa52c7fa\"><img decoding=\"async\" class=\"gb-image gb-image-fa52c7fa\" src=\"https:\/\/refuge-de-darwyn.ch\/wp-content\/uploads\/2024\/09\/hypona.svg\" alt=\"\" title=\"Hypona\"><\/figure>\n\n<\/div>\n\n<div class=\"gb-container gb-container-f190e6db\">\n\n<h3 class=\"gb-headline gb-headline-f9483736 gb-headline-text h4\">Hypona<\/h3>\n\n\n\n<div class=\"gb-headline gb-headline-bd2b68fc gb-headline-text\">Offizieller Vertreter des Darwyn Refuge<br>Jean-S\u00e9bastien unter 079 658 39 37<\/div>\n\n<\/div>\n<\/div><\/div>\n\n<div class=\"gb-grid-column gb-grid-column-6651cd48\"><div class=\"gb-container gb-container-6651cd48\"><a class=\"gb-container-link\" href=\"https:\/\/www.jetivia.ch\/\" rel=\"nofollow noopener noreferrer\" target=\"_blank\"><\/a>\n<div class=\"gb-container gb-container-ebc09a93\">\n\n<figure class=\"gb-block-image gb-block-image-7de075eb\"><img decoding=\"async\" class=\"gb-image gb-image-7de075eb\" src=\"https:\/\/refuge-de-darwyn.ch\/wp-content\/uploads\/2024\/09\/jetivia.svg\" alt=\"\" title=\"jetivia\"><\/figure>\n\n<\/div>\n\n<div class=\"gb-container gb-container-01550e62\">\n\n<h3 class=\"gb-headline gb-headline-bdc26416 gb-headline-text h4\">Zollverantwortlicher Ferney Voltaire Jetivia S.A.<\/h3>\n\n\n\n<div class=\"gb-headline gb-headline-0a54489d gb-headline-text\">Offizieller Vertreter des Darwyn Refuge<br>Jean David 078 253 51 49<\/div>\n\n<\/div>\n<\/div><\/div>\n\n<div class=\"gb-grid-column gb-grid-column-c98acb3c\"><div class=\"gb-container gb-container-c98acb3c\"><a class=\"gb-container-link\" href=\"https:\/\/www.crr-geneve.ch\/\" rel=\"nofollow noopener noreferrer\" target=\"_blank\"><\/a>\n<div class=\"gb-container gb-container-d79ba937\">\n\n<figure class=\"gb-block-image gb-block-image-e9f8988e\"><img loading=\"lazy\" decoding=\"async\" width=\"800\" height=\"800\" class=\"gb-image gb-image-e9f8988e\" src=\"https:\/\/refuge-de-darwyn.ch\/wp-content\/uploads\/2024\/09\/crr.png\" alt=\"Logo Rehabilitationszentrum Greifv\u00f6gel Bardonnex Genf.\" title=\"crr\" srcset=\"https:\/\/refuge-de-darwyn.ch\/wp-content\/uploads\/2024\/09\/crr.png 800w, https:\/\/refuge-de-darwyn.ch\/wp-content\/uploads\/2024\/09\/crr-300x300.png 300w, https:\/\/refuge-de-darwyn.ch\/wp-content\/uploads\/2024\/09\/crr-150x150.png 150w, https:\/\/refuge-de-darwyn.ch\/wp-content\/uploads\/2024\/09\/crr-768x768.png 768w, https:\/\/refuge-de-darwyn.ch\/wp-content\/uploads\/2024\/09\/crr-600x600.png 600w, https:\/\/refuge-de-darwyn.ch\/wp-content\/uploads\/2024\/09\/crr-100x100.png 100w\" sizes=\"auto, (max-width: 800px) 100vw, 800px\" \/><\/figure>\n\n<\/div>\n\n<div class=\"gb-container gb-container-cdb47286\">\n\n<h3 class=\"gb-headline gb-headline-6ad86aa5 gb-headline-text h4\">Rehabilitationszentrum Les Rapaces<\/h3>\n\n\n\n<div class=\"gb-headline gb-headline-90452f83 gb-headline-text\">1257 Bardonnex<\/div>\n\n<\/div>\n<\/div><\/div>\n\n<div class=\"gb-grid-column gb-grid-column-d9b4d708\"><div class=\"gb-container gb-container-d9b4d708\"><a class=\"gb-container-link\" href=\"http:\/\/biofrais.com\" rel=\"nofollow noopener noreferrer\" target=\"_blank\"><\/a>\n<div class=\"gb-container gb-container-f1477ee2\">\n\n<figure class=\"gb-block-image gb-block-image-95f300c2\"><img loading=\"lazy\" decoding=\"async\" width=\"500\" height=\"198\" class=\"gb-image gb-image-95f300c2\" src=\"https:\/\/refuge-de-darwyn.ch\/wp-content\/uploads\/2024\/09\/logo-biofrais-2022-1.webp\" alt=\"Logo BioFrais, Bio-Markt.\" title=\"Logo-Biofrisch-2022-1\" srcset=\"https:\/\/refuge-de-darwyn.ch\/wp-content\/uploads\/2024\/09\/logo-biofrais-2022-1.webp 500w, https:\/\/refuge-de-darwyn.ch\/wp-content\/uploads\/2024\/09\/logo-biofrais-2022-1-300x119.webp 300w\" sizes=\"auto, (max-width: 500px) 100vw, 500px\" \/><\/figure>\n\n<\/div>\n\n<div class=\"gb-container gb-container-ff81a098\">\n\n<h3 class=\"gb-headline gb-headline-e562cf87 gb-headline-text h4\">Bio Frisch<\/h3>\n\n\n\n<div class=\"gb-headline gb-headline-9feebd4f gb-headline-text\">Saint-Julien-en Genevois<\/div>\n\n<\/div>\n<\/div><\/div>\n\n<div class=\"gb-grid-column gb-grid-column-b573574d\"><div class=\"gb-container gb-container-b573574d\"><a class=\"gb-container-link\" href=\"https:\/\/www.mazoutvonballmoos.ch\/\" rel=\"nofollow noopener noreferrer\" target=\"_blank\"><\/a>\n<div class=\"gb-container gb-container-4b8583f8\">\n\n<figure class=\"gb-block-image gb-block-image-9f1891ce\"><img loading=\"lazy\" decoding=\"async\" width=\"200\" height=\"100\" class=\"gb-image gb-image-9f1891ce\" src=\"https:\/\/refuge-de-darwyn.ch\/wp-content\/uploads\/2024\/09\/mazout-von-ballmoos.webp\" alt=\"Blaues Ph\u00f6nix-Logo mit roter und gelber Flamme\" title=\"mazout-von-ballmoos\"><\/figure>\n\n<\/div>\n\n<div class=\"gb-container gb-container-27f1ebe3\">\n\n<h3 class=\"gb-headline gb-headline-94256588 gb-headline-text h4\">Heiz\u00f6l Von Ballmoos SA<\/h3>\n\n\n\n<div class=\"gb-headline gb-headline-e557a0c2 gb-headline-text\">1227 Carouge<\/div>\n\n<\/div>\n<\/div><\/div>\n\n<div class=\"gb-grid-column gb-grid-column-213fbb25\"><div class=\"gb-container gb-container-213fbb25\"><a class=\"gb-container-link\" href=\"https:\/\/www.denis-guyot.ch\/\" rel=\"nofollow noopener noreferrer\" target=\"_blank\"><\/a>\n<div class=\"gb-container gb-container-5ad4e575\">\n\n<figure class=\"gb-block-image gb-block-image-e426c7a8\"><img loading=\"lazy\" decoding=\"async\" width=\"290\" height=\"246\" class=\"gb-image gb-image-e426c7a8\" src=\"https:\/\/refuge-de-darwyn.ch\/wp-content\/uploads\/2024\/09\/denis-guyot.png\" alt=\"Denis Guyot fotografiert Emotionen und Spontaneit\u00e4t.\" title=\"denis-guyot\"><\/figure>\n\n<\/div>\n\n<div class=\"gb-container gb-container-6f5beea0\">\n\n<h3 class=\"gb-headline gb-headline-29006e37 gb-headline-text h4\">Denis Guyot Fotografie<\/h3>\n\n\n\n<div class=\"gb-headline gb-headline-2adbe561 gb-headline-text\">1234 Vessy<\/div>\n\n<\/div>\n<\/div><\/div>\n<\/div>\n\n\n<h2 class=\"gb-headline gb-headline-4bc3d22b gb-headline-text h3\">Gemeinden, die sich f\u00fcr den Tierschutz interessieren<\/h2>\n\n\n<div class=\"gb-grid-wrapper gb-grid-wrapper-9a38c50e\">\n<div class=\"gb-grid-column gb-grid-column-0c82f0f5\"><div class=\"gb-container gb-container-0c82f0f5\">\n\n<figure class=\"wp-block-image size-full\"><img loading=\"lazy\" decoding=\"async\" width=\"600\" height=\"300\" src=\"https:\/\/refuge-de-darwyn.ch\/wp-content\/uploads\/2024\/09\/commune-soral-1.jpg\" alt=\"Logo der Gemeinde Soral\" class=\"wp-image-4657\" style=\"aspect-ratio:16\/9;object-fit:contain\" srcset=\"https:\/\/refuge-de-darwyn.ch\/wp-content\/uploads\/2024\/09\/commune-soral-1.jpg 600w, https:\/\/refuge-de-darwyn.ch\/wp-content\/uploads\/2024\/09\/commune-soral-1-300x150.jpg 300w\" sizes=\"auto, (max-width: 600px) 100vw, 600px\" \/><\/figure>\n\n<\/div><\/div>\n\n<div class=\"gb-grid-column gb-grid-column-782c8fbb\"><div class=\"gb-container gb-container-782c8fbb\">\n\n<figure class=\"wp-block-image size-full\"><img loading=\"lazy\" decoding=\"async\" width=\"600\" height=\"300\" src=\"https:\/\/refuge-de-darwyn.ch\/wp-content\/uploads\/2024\/09\/commune-cologny-1.jpg\" alt=\"Logo der Gemeinde Cologny\" class=\"wp-image-4645\" style=\"aspect-ratio:16\/9;object-fit:contain\" srcset=\"https:\/\/refuge-de-darwyn.ch\/wp-content\/uploads\/2024\/09\/commune-cologny-1.jpg 600w, https:\/\/refuge-de-darwyn.ch\/wp-content\/uploads\/2024\/09\/commune-cologny-1-300x150.jpg 300w\" sizes=\"auto, (max-width: 600px) 100vw, 600px\" \/><\/figure>\n\n<\/div><\/div>\n\n<div class=\"gb-grid-column gb-grid-column-6a89ae8f\"><div class=\"gb-container gb-container-6a89ae8f\">\n\n<figure class=\"wp-block-image size-full\"><img loading=\"lazy\" decoding=\"async\" width=\"600\" height=\"300\" src=\"https:\/\/refuge-de-darwyn.ch\/wp-content\/uploads\/2024\/09\/commune-avusy-1.jpg\" alt=\"Logo der Gemeinde Avusy.\" class=\"wp-image-4636\" style=\"aspect-ratio:16\/9;object-fit:contain\" srcset=\"https:\/\/refuge-de-darwyn.ch\/wp-content\/uploads\/2024\/09\/commune-avusy-1.jpg 600w, https:\/\/refuge-de-darwyn.ch\/wp-content\/uploads\/2024\/09\/commune-avusy-1-300x150.jpg 300w\" sizes=\"auto, (max-width: 600px) 100vw, 600px\" \/><\/figure>\n\n<\/div><\/div>\n\n<div class=\"gb-grid-column gb-grid-column-70cc650b\"><div class=\"gb-container gb-container-70cc650b\">\n\n<figure class=\"wp-block-image size-full\"><img loading=\"lazy\" decoding=\"async\" width=\"600\" height=\"300\" src=\"https:\/\/refuge-de-darwyn.ch\/wp-content\/uploads\/2024\/09\/commune-cartigny-1.jpg\" alt=\"Cartigny-Logo\" class=\"wp-image-4639\" style=\"aspect-ratio:16\/9;object-fit:contain\" srcset=\"https:\/\/refuge-de-darwyn.ch\/wp-content\/uploads\/2024\/09\/commune-cartigny-1.jpg 600w, https:\/\/refuge-de-darwyn.ch\/wp-content\/uploads\/2024\/09\/commune-cartigny-1-300x150.jpg 300w\" sizes=\"auto, (max-width: 600px) 100vw, 600px\" \/><\/figure>\n\n<\/div><\/div>\n\n<div class=\"gb-grid-column gb-grid-column-31a362ca\"><div class=\"gb-container gb-container-31a362ca\">\n\n<figure class=\"wp-block-image size-full\"><img loading=\"lazy\" decoding=\"async\" width=\"600\" height=\"300\" src=\"https:\/\/refuge-de-darwyn.ch\/wp-content\/uploads\/2024\/09\/commune-chancy-1.jpg\" alt=\"Logo der Gemeinde Chancy.\" class=\"wp-image-4642\" style=\"aspect-ratio:16\/9;object-fit:contain\" srcset=\"https:\/\/refuge-de-darwyn.ch\/wp-content\/uploads\/2024\/09\/commune-chancy-1.jpg 600w, https:\/\/refuge-de-darwyn.ch\/wp-content\/uploads\/2024\/09\/commune-chancy-1-300x150.jpg 300w\" sizes=\"auto, (max-width: 600px) 100vw, 600px\" \/><\/figure>\n\n<\/div><\/div>\n\n<div class=\"gb-grid-column gb-grid-column-44c4fc27\"><div class=\"gb-container gb-container-44c4fc27\">\n\n<figure class=\"wp-block-image size-full\"><img loading=\"lazy\" decoding=\"async\" width=\"600\" height=\"300\" src=\"https:\/\/refuge-de-darwyn.ch\/wp-content\/uploads\/2024\/09\/commune-jussy-1.jpg\" alt=\"Logo der Gemeinde Jussy\" class=\"wp-image-4648\" style=\"aspect-ratio:16\/9;object-fit:contain\" srcset=\"https:\/\/refuge-de-darwyn.ch\/wp-content\/uploads\/2024\/09\/commune-jussy-1.jpg 600w, https:\/\/refuge-de-darwyn.ch\/wp-content\/uploads\/2024\/09\/commune-jussy-1-300x150.jpg 300w\" sizes=\"auto, (max-width: 600px) 100vw, 600px\" \/><\/figure>\n\n<\/div><\/div>\n\n<div class=\"gb-grid-column gb-grid-column-47aa8a2b\"><div class=\"gb-container gb-container-47aa8a2b\">\n\n<figure class=\"wp-block-image size-full\"><img loading=\"lazy\" decoding=\"async\" width=\"600\" height=\"300\" src=\"https:\/\/refuge-de-darwyn.ch\/wp-content\/uploads\/2024\/09\/commune-vandoeuvres-1.jpg\" alt=\"Wappen der Gemeinde Vandoeuvres.\" class=\"wp-image-4660\" style=\"aspect-ratio:16\/9;object-fit:contain\" srcset=\"https:\/\/refuge-de-darwyn.ch\/wp-content\/uploads\/2024\/09\/commune-vandoeuvres-1.jpg 600w, https:\/\/refuge-de-darwyn.ch\/wp-content\/uploads\/2024\/09\/commune-vandoeuvres-1-300x150.jpg 300w\" sizes=\"auto, (max-width: 600px) 100vw, 600px\" \/><\/figure>\n\n<\/div><\/div>\n\n<div class=\"gb-grid-column gb-grid-column-112eca29\"><div class=\"gb-container gb-container-112eca29\">\n\n<figure class=\"wp-block-image size-full\"><img loading=\"lazy\" decoding=\"async\" width=\"600\" height=\"300\" src=\"https:\/\/refuge-de-darwyn.ch\/wp-content\/uploads\/2024\/09\/commune-satigny-1.jpg\" alt=\"Logo von Satigny mit Mond, Sonne und Schl&#xFC;ssel.\" class=\"wp-image-4654\" style=\"aspect-ratio:16\/9;object-fit:contain\" srcset=\"https:\/\/refuge-de-darwyn.ch\/wp-content\/uploads\/2024\/09\/commune-satigny-1.jpg 600w, https:\/\/refuge-de-darwyn.ch\/wp-content\/uploads\/2024\/09\/commune-satigny-1-300x150.jpg 300w\" sizes=\"auto, (max-width: 600px) 100vw, 600px\" \/><\/figure>\n\n<\/div><\/div>\n\n<div class=\"gb-grid-column gb-grid-column-1498d9a6\"><div class=\"gb-container gb-container-1498d9a6\">\n\n<figure class=\"wp-block-image size-full\"><img loading=\"lazy\" decoding=\"async\" width=\"600\" height=\"300\" src=\"https:\/\/refuge-de-darwyn.ch\/wp-content\/uploads\/2024\/09\/chenes-bougeries-1.jpg\" alt=\"Logo Ch&#xEA;ne-Bougeries mit Baum\" class=\"wp-image-4630\" style=\"aspect-ratio:16\/9;object-fit:contain\" srcset=\"https:\/\/refuge-de-darwyn.ch\/wp-content\/uploads\/2024\/09\/chenes-bougeries-1.jpg 600w, https:\/\/refuge-de-darwyn.ch\/wp-content\/uploads\/2024\/09\/chenes-bougeries-1-300x150.jpg 300w\" sizes=\"auto, (max-width: 600px) 100vw, 600px\" \/><\/figure>\n\n<\/div><\/div>\n\n<div class=\"gb-grid-column gb-grid-column-9a6a52d2\"><div class=\"gb-container gb-container-9a6a52d2\">\n\n<figure class=\"wp-block-image size-full\"><img loading=\"lazy\" decoding=\"async\" width=\"600\" height=\"300\" src=\"https:\/\/refuge-de-darwyn.ch\/wp-content\/uploads\/2024\/09\/commune-plan-les-ouates-1.jpg\" alt=\"Logo der Gemeinde Plan-les-Ouates.\" class=\"wp-image-4651\" style=\"aspect-ratio:16\/9;object-fit:contain\" srcset=\"https:\/\/refuge-de-darwyn.ch\/wp-content\/uploads\/2024\/09\/commune-plan-les-ouates-1.jpg 600w, https:\/\/refuge-de-darwyn.ch\/wp-content\/uploads\/2024\/09\/commune-plan-les-ouates-1-300x150.jpg 300w\" sizes=\"auto, (max-width: 600px) 100vw, 600px\" \/><\/figure>\n\n<\/div><\/div>\n\n<div class=\"gb-grid-column gb-grid-column-ae1c122a\"><div class=\"gb-container gb-container-ae1c122a\">\n\n<figure class=\"wp-block-image size-full\"><img loading=\"lazy\" decoding=\"async\" width=\"600\" height=\"300\" src=\"https:\/\/refuge-de-darwyn.ch\/wp-content\/uploads\/2024\/09\/commune-avully-1.jpg\" alt=\"Logo Avully\" class=\"wp-image-4633\" style=\"aspect-ratio:16\/9;object-fit:contain\" srcset=\"https:\/\/refuge-de-darwyn.ch\/wp-content\/uploads\/2024\/09\/commune-avully-1.jpg 600w, https:\/\/refuge-de-darwyn.ch\/wp-content\/uploads\/2024\/09\/commune-avully-1-300x150.jpg 300w\" sizes=\"auto, (max-width: 600px) 100vw, 600px\" \/><\/figure>\n\n<\/div><\/div>\n\n<div class=\"gb-grid-column gb-grid-column-b82cb7cf\"><div class=\"gb-container gb-container-b82cb7cf\">\n\n<figure class=\"wp-block-image size-full\"><img loading=\"lazy\" decoding=\"async\" width=\"432\" height=\"173\" src=\"https:\/\/refuge-de-darwyn.ch\/wp-content\/uploads\/2025\/03\/Logo-Pregny-3.png\" alt=\"\" class=\"wp-image-10230\" style=\"aspect-ratio:16\/9;object-fit:contain\" srcset=\"https:\/\/refuge-de-darwyn.ch\/wp-content\/uploads\/2025\/03\/Logo-Pregny-3.png 432w, https:\/\/refuge-de-darwyn.ch\/wp-content\/uploads\/2025\/03\/Logo-Pregny-3-300x120.png 300w\" sizes=\"auto, (max-width: 432px) 100vw, 432px\" \/><\/figure>\n\n<\/div><\/div>\n<\/div>\n<\/div>\n<\/div>","protected":false},"excerpt":{"rendered":"<p>Partner &amp; Danksagungen Die Arbeit von Refuge wird durch die bedingungslose Unterst\u00fctzung verschiedener Akteure erm\u00f6glicht. Ihre Gro\u00dfz\u00fcgigkeit und ihr Engagement sichern den reibungslosen Betrieb, die Solvenz und den Fortbestand des Tierheims. Wir bedanken uns herzlich bei Die Mitarbeiter des Tierheims Die Gastfamilien Unsere Freiwilligen Unsere Mitglieder Alle unsere Partner, die uns finanziell unterst\u00fctzen Wir danken &#8230; <a title=\"Partner\" class=\"read-more\" href=\"https:\/\/refuge-de-darwyn.ch\/de\/die-vereinigung\/unser-verein\/partner\/\" aria-label=\"Mehr Informationen \u00fcber Partner\">Weiterlesen<\/a><\/p>\n","protected":false},"author":1,"featured_media":0,"parent":7991,"menu_order":3,"comment_status":"closed","ping_status":"closed","template":"","meta":{"_acf_changed":false,"_seopress_robots_primary_cat":"","_seopress_titles_title":"","_seopress_titles_desc":"Erfahren Sie, wie das Tierheim dank seiner engagierten Freiwilligen und gro\u00dfz\u00fcgigen Partner gedeiht. Engagieren Sie sich f\u00fcr ein besseres Leben der Pferde. ","_seopress_robots_index":"","footnotes":""},"page_category":[],"class_list":["post-8155","page","type-page","status-publish"],"acf":[],"_links":{"self":[{"href":"https:\/\/refuge-de-darwyn.ch\/de\/wp-json\/wp\/v2\/pages\/8155","targetHints":{"allow":["GET"]}}],"collection":[{"href":"https:\/\/refuge-de-darwyn.ch\/de\/wp-json\/wp\/v2\/pages"}],"about":[{"href":"https:\/\/refuge-de-darwyn.ch\/de\/wp-json\/wp\/v2\/types\/page"}],"author":[{"embeddable":true,"href":"https:\/\/refuge-de-darwyn.ch\/de\/wp-json\/wp\/v2\/users\/1"}],"replies":[{"embeddable":true,"href":"https:\/\/refuge-de-darwyn.ch\/de\/wp-json\/wp\/v2\/comments?post=8155"}],"version-history":[{"count":10,"href":"https:\/\/refuge-de-darwyn.ch\/de\/wp-json\/wp\/v2\/pages\/8155\/revisions"}],"predecessor-version":[{"id":10242,"href":"https:\/\/refuge-de-darwyn.ch\/de\/wp-json\/wp\/v2\/pages\/8155\/revisions\/10242"}],"up":[{"embeddable":true,"href":"https:\/\/refuge-de-darwyn.ch\/de\/wp-json\/wp\/v2\/pages\/7991"}],"wp:attachment":[{"href":"https:\/\/refuge-de-darwyn.ch\/de\/wp-json\/wp\/v2\/media?parent=8155"}],"wp:term":[{"taxonomy":"page_category","embeddable":true,"href":"https:\/\/refuge-de-darwyn.ch\/de\/wp-json\/wp\/v2\/page_category?post=8155"}],"curies":[{"name":"wp","href":"https:\/\/api.w.org\/{rel}","templated":true}]}}